{"id":3,"date":"2009-08-23T23:22:51","date_gmt":"2009-08-23T22:22:51","guid":{"rendered":"http:\/\/landjugend-gnodstadt.de\/wordpress\/?page_id=3"},"modified":"2024-03-09T15:01:47","modified_gmt":"2024-03-09T14:01:47","slug":"vorstandschaft","status":"publish","type":"page","link":"https:\/\/landjugend-gnodstadt.de\/wordpress\/?page_id=3","title":{"rendered":"Vorstandschaft"},"content":{"rendered":"\n<figure class=\"wp-block-image aligncenter size-full\"><a href=\"http:\/\/landjugend-gnodstadt.de\/wordpress\/wp-content\/uploads\/2024\/03\/image.png\"><img loading=\"lazy\" decoding=\"async\" width=\"433\" height=\"350\" src=\"http:\/\/landjugend-gnodstadt.de\/wordpress\/wp-content\/uploads\/2024\/03\/image.png\" alt=\"\" class=\"wp-image-1229\" srcset=\"https:\/\/landjugend-gnodstadt.de\/wordpress\/wp-content\/uploads\/2024\/03\/image.png 433w, https:\/\/landjugend-gnodstadt.de\/wordpress\/wp-content\/uploads\/2024\/03\/image-300x242.png 300w\" sizes=\"auto, (max-width: 433px) 100vw, 433px\" \/><\/a><\/figure>\n\n\n\n<p><em>Von links: Mirko Stahl, Michael D\u00fcll, Melina D\u00fcll, Simon Hofmann, Manuel Brand, Lena Ott, Hannes Hofmann, Alena Mader. Foto von: Amelie Engert<\/em><\/p>\n\n\n<p><strong>Die Vorstandschaft<\/strong><\/p>\n<table>\n<tbody>\n<tr>\n<td width=\"307\">1.\u00a0\u00a0\u00a0 Vorstand: (Allgemeines)<\/td>\n<td width=\"307\">Nikolas Hofmann<\/td>\n<\/tr>\n<tr>\n<td width=\"307\">2.\u00a0\u00a0\u00a0 Vorstand: (Mitgliederverwaltung)<\/td>\n<td width=\"307\">Melina D\u00fcll<\/td>\n<\/tr>\n<tr>\n<td width=\"307\">3.\u00a0\u00a0\u00a0 Vorstand: (Verleih)<\/td>\n<td width=\"307\">Alena Mader<\/td>\n<\/tr>\n<tr>\n<td width=\"307\">Kassier: (Finanzen)<\/td>\n<td width=\"307\">Simon Hofmann<\/td>\n<\/tr>\n<tr>\n<td width=\"307\">Schriftf\u00fchrer:<\/td>\n<td width=\"307\">Michael D\u00fcll<\/td>\n<\/tr>\n<tr>\n<td width=\"307\">Pressesprecher:<\/td>\n<td width=\"307\">Lena Ott<\/td>\n<\/tr>\n<tr>\n<td width=\"307\">Beisitzer: (Getr\u00e4nkewart)<\/td>\n<td width=\"307\">Manuel Brand<\/td>\n<\/tr>\n<tr>\n<td width=\"307\">Beisitzer: (Putzplan)<\/td>\n<td width=\"307\">Hannes Hofmann<\/td>\n<\/tr>\n<tr>\n<td width=\"307\">Beisitzer: (ZBV)<\/td>\n<td width=\"307\">Hagen Heid<\/td>\n<\/tr>\n<tr>\n<td width=\"307\">Beisitzer: (Musik)<\/td>\n<td width=\"307\">Mirko Stahl<\/td>\n<\/tr>\n<\/tbody>\n<\/table>\n<p>Die Landjugend ist Mitglied der <span style=\"color: #ff9900;\"><a style=\"color: #ff9900;\" href=\"https:\/\/www.landjugend.bayern\/\" target=\"_blank\" rel=\"noopener noreferrer\">Bayrischen Jungbauernschaft<\/a><\/span> im Bezirk Unterfranken.<\/p>\n<p>Bei Fragen verwenden sie bitte die E-mail Adresse mail@landjugend-gnodstadt.de<\/p>","protected":false},"excerpt":{"rendered":"<p>Von links: Mirko Stahl, Michael D\u00fcll, Melina D\u00fcll, Simon Hofmann, Manuel Brand, Lena Ott, Hannes Hofmann, Alena Mader. Foto von: Amelie Engert Die Vorstandschaft 1.\u00a0\u00a0\u00a0 Vorstand: (Allgemeines) Nikolas Hofmann 2.\u00a0\u00a0\u00a0 Vorstand: (Mitgliederverwaltung) Melina D\u00fcll 3.\u00a0\u00a0\u00a0 Vorstand: (Verleih) Alena Mader Kassier: (Finanzen) Simon Hofmann Schriftf\u00fchrer: Michael D\u00fcll Pressesprecher: Lena Ott Beisitzer: (Getr\u00e4nkewart) Manuel Brand Beisitzer: (Putzplan) [&#8230;]<\/p>\n","protected":false},"author":1,"featured_media":0,"parent":0,"menu_order":4,"comment_status":"closed","ping_status":"closed","template":"","meta":{"footnotes":""},"class_list":["post-3","page","type-page","status-publish","hentry"],"_links":{"self":[{"href":"https:\/\/landjugend-gnodstadt.de\/wordpress\/index.php?rest_route=\/wp\/v2\/pages\/3","targetHints":{"allow":["GET"]}}],"collection":[{"href":"https:\/\/landjugend-gnodstadt.de\/wordpress\/index.php?rest_route=\/wp\/v2\/pages"}],"about":[{"href":"https:\/\/landjugend-gnodstadt.de\/wordpress\/index.php?rest_route=\/wp\/v2\/types\/page"}],"author":[{"embeddable":true,"href":"https:\/\/landjugend-gnodstadt.de\/wordpress\/index.php?rest_route=\/wp\/v2\/users\/1"}],"replies":[{"embeddable":true,"href":"https:\/\/landjugend-gnodstadt.de\/wordpress\/index.php?rest_route=%2Fwp%2Fv2%2Fcomments&post=3"}],"version-history":[{"count":43,"href":"https:\/\/landjugend-gnodstadt.de\/wordpress\/index.php?rest_route=\/wp\/v2\/pages\/3\/revisions"}],"predecessor-version":[{"id":1233,"href":"https:\/\/landjugend-gnodstadt.de\/wordpress\/index.php?rest_route=\/wp\/v2\/pages\/3\/revisions\/1233"}],"wp:attachment":[{"href":"https:\/\/landjugend-gnodstadt.de\/wordpress\/index.php?rest_route=%2Fwp%2Fv2%2Fmedia&parent=3"}],"curies":[{"name":"wp","href":"https:\/\/api.w.org\/{rel}","templated":true}]}}